{"id":256,"date":"2022-08-11T09:49:10","date_gmt":"2022-08-11T09:49:10","guid":{"rendered":"http:\/\/www.orgullofriki.com\/25mayo\/?page_id=256"},"modified":"2022-08-11T10:07:54","modified_gmt":"2022-08-11T10:07:54","slug":"historia","status":"publish","type":"page","link":"http:\/\/www.orgullofriki.com\/25mayo\/historia\/","title":{"rendered":"Historia"},"content":{"rendered":"\n<h2 class=\"wp-block-heading\">El origen del D\u00eda del Orgullo Friki<\/h2>\n\n\n\n<p>Todo comenz\u00f3 en <strong>2006<\/strong>, cuando un grupo de foreros, dentro de un hilo de <a rel=\"noreferrer noopener\" href=\"https:\/\/www.universomarvel.com\/\" data-type=\"URL\" data-id=\"https:\/\/www.universomarvel.com\/\" target=\"_blank\">UniversoMarvel<\/a>, nos pusimos a discutir sobre la idoneidad de buscar un nombre a los fans que nos gustaban m\u00e1s o menos las mismas cosas, dentro de la denominada \u00ab<strong>subcultura popular<\/strong>\u00bb (ciencia ficci\u00f3n, fantas\u00eda, comics, manga\u2026), porque no hab\u00eda nada que nos definiera como grupo. Y surgi\u00f3 un encontronazo entre los que nos denomin\u00e1bamos frikis y los que s\u00f3lo lo ve\u00edan como insulto, pero ninguna otra alternativa. Con lo que <strong>El Se\u00f1or Buebo<\/strong> (organizador de todo esto y webmaster de la p\u00e1gina en la que est\u00e1is), se lio la manta a la cabeza y cre\u00f3 la primera <strong>web oficial del D\u00eda del Orgullo Friki<\/strong>, cuya primera declaraci\u00f3n se hizo el <strong>22 de febrero de 2006<\/strong>, en el Blog de <a href=\"https:\/\/senorbuebo.blogspot.com\/2006\/02\/dia-del-orgullo-friki.html\" data-type=\"URL\" data-id=\"https:\/\/senorbuebo.blogspot.com\/2006\/02\/dia-del-orgullo-friki.html\" target=\"_blank\" rel=\"noreferrer noopener\">El Lado Oscuro del Se\u00f1or Buebo<\/a>.<\/p>\n\n\n<div class=\"wp-block-image\">\n<figure class=\"aligncenter size-full\"><img loading=\"lazy\" decoding=\"async\" width=\"600\" height=\"280\" src=\"http:\/\/www.orgullofriki.com\/25mayo\/wp-content\/uploads\/2022\/06\/orgullo-friki.gif\" alt=\"\" class=\"wp-image-132\"\/><\/figure>\n<\/div>\n\n<div class=\"wp-block-image\">\n<figure class=\"alignright size-full\"><img loading=\"lazy\" decoding=\"async\" width=\"319\" height=\"425\" src=\"http:\/\/www.orgullofriki.com\/25mayo\/wp-content\/uploads\/2022\/06\/cartel1.jpg\" alt=\"\" class=\"wp-image-133\" srcset=\"http:\/\/www.orgullofriki.com\/25mayo\/wp-content\/uploads\/2022\/06\/cartel1.jpg 319w, http:\/\/www.orgullofriki.com\/25mayo\/wp-content\/uploads\/2022\/06\/cartel1-225x300.jpg 225w\" sizes=\"auto, (max-width: 319px) 100vw, 319px\" \/><\/figure>\n<\/div>\n\n\n<p>El objetivo principal fue el de tener un d\u00eda donde los frikis nos acerc\u00e1ramos a las librer\u00edas especializadas y tuvi\u00e9ramos un descuento parecido al del D\u00eda del Libro pero en nuestras tiendas. Y si se pod\u00eda organizar alg\u00fan tipo de sorteo, concurso\u2026 Para expandir la noticia, se hizo un intercambio de enlaces entre nuestra nueva web y foros, blogs y otras webs amigas que ayudaron a extender la noticia. La primera tienda que se apunt\u00f3 al carro fue <strong>Atl\u00e1ntica Comics<\/strong> de Madrid.<\/p>\n\n\n\n<p>Una serie de contratiempos hizo que durante un tiempo, la web estuviera en el hosting de nuestro amigo \u00c1lvaro \u00c1lvarez Perea, quien nos cedi\u00f3 espacio en sus servidores ya que la web no dejaba de \u00abcaerse\u00bb por su gran afluencia (Una de dos o ten\u00edamos poco o nos visitaban mucho). Con todo esto y un mes despu\u00e9s (el 25 de Marzo), ya \u00e9ramos numero 1 en Google si se buscaba \u00abOrgullo friki\u00bb.<\/p>\n\n\n\n<p>Las dos primeras actividades que se propusieron fueron Un <strong>PacMan en vivo<\/strong> en Madrid y un <strong>Bookcrossing friki.<\/strong><\/p>\n\n\n\n<p>El 9 de Mayo ya dispon\u00edamos de un dominio como se merece: <a href=\"http:\/\/www.orgullofriki.com\/\" data-type=\"URL\" data-id=\"http:\/\/www.orgullofriki.com\/\" target=\"_blank\" rel=\"noreferrer noopener\">www.orgullofriki.com<\/a> dejaba atr\u00e1s el .tk gratuito que tan buen apa\u00f1o nos hizo<\/p>\n\n\n<div class=\"wp-block-image\">\n<figure class=\"alignleft size-medium\"><img loading=\"lazy\" decoding=\"async\" width=\"210\" height=\"300\" src=\"http:\/\/www.orgullofriki.com\/25mayo\/wp-content\/uploads\/2022\/06\/buebo-210x300.jpg\" alt=\"\" class=\"wp-image-134\" srcset=\"http:\/\/www.orgullofriki.com\/25mayo\/wp-content\/uploads\/2022\/06\/buebo-210x300.jpg 210w, http:\/\/www.orgullofriki.com\/25mayo\/wp-content\/uploads\/2022\/06\/buebo.jpg 716w\" sizes=\"auto, (max-width: 210px) 100vw, 210px\" \/><\/figure>\n<\/div>\n\n\n<p>A 1 semana del evento, el <strong>19 de May<\/strong>o sali\u00f3 la portada que revolucion\u00f3 todo el tema: Se\u00f1or Buebo y el Orgullo Friki eran portada del suplemento de Ocio de <strong>El Pa\u00eds: EP3<\/strong>, gracias a esta portada y a un servidor haciendo de mamarracho en la misma, las llamadas fueron aumentando, las colaboraciones tambi\u00e9n y la presencia en medios subi\u00f3 exponencialmente. \u00bfQu\u00e9 nos encontrar\u00edamos el D\u00eda F\u2026? y se nos ocurri\u00f3 convocar a la gente en <strong>Callao<\/strong>, en Madrid, para la tarde del 25 de Mayo. Ah\u2026 y sacar las camisetas oficiales. En esta semana, y aunque no iban a llegar para el d\u00eda 25 vendimos m\u00e1s de 100\u2026que ser\u00edan m\u00e1s de 300 en total.<\/p>\n\n\n\n<hr class=\"wp-block-separator has-alpha-channel-opacity\"\/>\n\n\n\n<h2 class=\"wp-block-heading\">El Primer D\u00eda del Orgullo Friki<\/h2>\n\n\n<div class=\"wp-block-image\">\n<figure class=\"alignleft size-full\"><img loading=\"lazy\" decoding=\"async\" width=\"400\" height=\"200\" src=\"http:\/\/www.orgullofriki.com\/25mayo\/wp-content\/uploads\/2022\/08\/orgf01.jpg\" alt=\"\" class=\"wp-image-260\" srcset=\"http:\/\/www.orgullofriki.com\/25mayo\/wp-content\/uploads\/2022\/08\/orgf01.jpg 400w, http:\/\/www.orgullofriki.com\/25mayo\/wp-content\/uploads\/2022\/08\/orgf01-300x150.jpg 300w\" sizes=\"auto, (max-width: 400px) 100vw, 400px\" \/><\/figure>\n<\/div>\n\n\n<p>Este fue toda una sorpresa, no sab\u00edamos si en Callao, centro de todas las celebraciones ibamos a estar 5 o quinientas personas\u2026 que fue lo que al final pas\u00f3. Se realiz\u00f3 una gran quedada en la madrile\u00f1a plaza, donde, en realidad s\u00f3lo hab\u00eda previsto el<strong> Pac-Man Humano<\/strong>. Pero all\u00ed se concentraron todo tipo de seres. Desde fans del anime a luchadores de Pressing Catch.<\/p>\n\n\n<div class=\"wp-block-image\">\n<figure class=\"alignright size-full\"><img loading=\"lazy\" decoding=\"async\" width=\"400\" height=\"200\" src=\"http:\/\/www.orgullofriki.com\/25mayo\/wp-content\/uploads\/2022\/08\/orgf2.jpg\" alt=\"\" class=\"wp-image-261\" srcset=\"http:\/\/www.orgullofriki.com\/25mayo\/wp-content\/uploads\/2022\/08\/orgf2.jpg 400w, http:\/\/www.orgullofriki.com\/25mayo\/wp-content\/uploads\/2022\/08\/orgf2-300x150.jpg 300w\" sizes=\"auto, (max-width: 400px) 100vw, 400px\" \/><\/figure>\n<\/div>\n\n\n<p>En aquel a\u00f1o, la plaza todav\u00eda era circulable (ahora es totalmente peatonal) y varios autobuses ten\u00edan su cabecera en la plaza. Pues fue tal la afluencia de p\u00fablico y medios esa tarde, que tuvo que venir la polic\u00eda municipal a cambiar el itinerario de los autobuses ya que la gente ocupaba la calzada. suerte apareci\u00f3 <strong>Darth Vader y la Legi\u00f3n 501 <\/strong>para poner orden.<\/p>\n\n\n\n<p>Unas horas despu\u00e9s se fue yendo la gente de esta \u00abmanifestaci\u00f3n no autorizada\u00bb sin que hubiera desperfectos. Todo un logro.<\/p>\n\n\n\n<hr class=\"wp-block-separator has-alpha-channel-opacity\"\/>\n\n\n\n<h2 class=\"wp-block-heading\">Los siguientes a\u00f1os<\/h2>\n\n\n<div class=\"wp-block-image\">\n<figure class=\"alignleft size-medium\"><img loading=\"lazy\" decoding=\"async\" width=\"211\" height=\"300\" src=\"http:\/\/www.orgullofriki.com\/25mayo\/wp-content\/uploads\/2022\/08\/teaser_POSTER-211x300.jpg\" alt=\"\" class=\"wp-image-262\" srcset=\"http:\/\/www.orgullofriki.com\/25mayo\/wp-content\/uploads\/2022\/08\/teaser_POSTER-211x300.jpg 211w, http:\/\/www.orgullofriki.com\/25mayo\/wp-content\/uploads\/2022\/08\/teaser_POSTER.jpg 351w\" sizes=\"auto, (max-width: 211px) 100vw, 211px\" \/><\/figure>\n<\/div>\n\n<div class=\"wp-block-image\">\n<figure class=\"alignright size-medium\"><img loading=\"lazy\" decoding=\"async\" width=\"212\" height=\"300\" src=\"http:\/\/www.orgullofriki.com\/25mayo\/wp-content\/uploads\/2022\/08\/cartel-dia-friki-212x300.jpg\" alt=\"\" class=\"wp-image-263\" srcset=\"http:\/\/www.orgullofriki.com\/25mayo\/wp-content\/uploads\/2022\/08\/cartel-dia-friki-212x300.jpg 212w, http:\/\/www.orgullofriki.com\/25mayo\/wp-content\/uploads\/2022\/08\/cartel-dia-friki.jpg 723w\" sizes=\"auto, (max-width: 212px) 100vw, 212px\" \/><\/figure>\n<\/div>\n\n<div class=\"wp-block-image\">\n<figure class=\"alignright size-medium\"><img loading=\"lazy\" decoding=\"async\" width=\"225\" height=\"300\" src=\"http:\/\/www.orgullofriki.com\/25mayo\/wp-content\/uploads\/2022\/08\/cartellkedada-225x300.jpg\" alt=\"\" class=\"wp-image-264\" srcset=\"http:\/\/www.orgullofriki.com\/25mayo\/wp-content\/uploads\/2022\/08\/cartellkedada-225x300.jpg 225w, http:\/\/www.orgullofriki.com\/25mayo\/wp-content\/uploads\/2022\/08\/cartellkedada.jpg 600w\" sizes=\"auto, (max-width: 225px) 100vw, 225px\" \/><\/figure>\n<\/div>\n\n\n<p>A pesar de ir calando en la sociedad y los medios la celebraci\u00f3n de este d\u00eda. La celebraci\u00f3n en Callao fue decreciendo a\u00f1o tras a\u00f1os, hasta estar unos pocos a modo representativo. Pero eso no quiere decir que no se celebre. La diferencia es que ahora otras ciudades se han unido y creado sus propios eventos. Y otros lugares de la ciudad han sido usurpadas durante esos d\u00edas por hordas de frikis.<\/p>\n\n\n\n<p>El segundo a\u00f1o, por ejemplo, llenamos el <strong>Circo Price de Madrid<\/strong> con una representaci\u00f3n exclusiva y gratuita para todo aquel que reconociera su condici\u00f3n de friki, o la tradicional quedada en Barcelona en el Parc de la Ciutadella, el D\u00eda Friki de C\u00e1diz, que se realiza todos los a\u00f1os con gran \u00e9xito, o el Friko\u00f1o, el Festival Friki de Logro\u00f1o, entre todos.<\/p>\n\n\n<div class=\"wp-block-image\">\n<figure class=\"alignright size-medium\"><img loading=\"lazy\" decoding=\"async\" width=\"300\" height=\"118\" src=\"http:\/\/www.orgullofriki.com\/25mayo\/wp-content\/uploads\/2022\/08\/TNTorgullo-friki-300x118.jpg\" alt=\"\" class=\"wp-image-265\" srcset=\"http:\/\/www.orgullofriki.com\/25mayo\/wp-content\/uploads\/2022\/08\/TNTorgullo-friki-300x118.jpg 300w, http:\/\/www.orgullofriki.com\/25mayo\/wp-content\/uploads\/2022\/08\/TNTorgullo-friki-768x302.jpg 768w, http:\/\/www.orgullofriki.com\/25mayo\/wp-content\/uploads\/2022\/08\/TNTorgullo-friki.jpg 980w\" sizes=\"auto, (max-width: 300px) 100vw, 300px\" \/><\/figure>\n<\/div>\n\n<div class=\"wp-block-image\">\n<figure class=\"alignleft size-full\"><img loading=\"lazy\" decoding=\"async\" width=\"250\" height=\"234\" src=\"http:\/\/www.orgullofriki.com\/25mayo\/wp-content\/uploads\/2022\/08\/logo_frikimad_p.jpg\" alt=\"\" class=\"wp-image-158\"\/><\/figure>\n<\/div>\n\n\n<p>En Madrid, grandes empresas, como Movistar y el canal TNT ya se han adjudicado la celebraci\u00f3n en la Flagship Store de Madrid y Fnac, colaborador nuestra relaliza multitud de actividades en sus tiendas por todo el pa\u00eds.<\/p>\n\n\n\n<p>Ya en 2014 se realiz\u00f3 el primer evento \u00aboficial\u00bb del Orgullo Friki en madrid, <strong>FrikiMAD<\/strong>, una jornada de proyecciones, charlas y regalos en la sala <strong>Artistic Metropol<\/strong>. Y se ha realizado anualmente desde entonces, salvo un par\u00f3n de dos a\u00f1os por la crisis de la COVID-19, que tuvo que hacerse virtual, realizando esas charlas en el <a rel=\"noreferrer noopener\" href=\"https:\/\/www.youtube.com\/channel\/UCsP1cvxByYWd4hL5SQmQZOw\" data-type=\"URL\" data-id=\"https:\/\/www.youtube.com\/channel\/UCsP1cvxByYWd4hL5SQmQZOw\" target=\"_blank\">canal oficial de YouTube<\/a> en el denominado \u00ab<strong>FRIKIMAD en P\u00edldoras<\/strong>\u00ab.<\/p>\n\n\n\n<p>Desde entonces el Orgullo Friki se ha expandido a nivel internacional y ya est\u00e1 especificado en el calendario internacional como \u00abD\u00eda Oficial\u00bb y empresas, marcas y frikis lo celebran con mucho \u00edmpetu.<\/p>\n","protected":false},"excerpt":{"rendered":"<div class=\"entry-summary\">\nEl origen del D\u00eda del Orgullo Friki Todo comenz\u00f3 en 2006, cuando un grupo de foreros, dentro de un hilo de UniversoMarvel, nos pusimos a discutir sobre la idoneidad de buscar un nombre a los fans que nos gustaban m\u00e1s o menos las mismas cosas, dentro de la denominada \u00absubcultura popular\u00bb (ciencia ficci\u00f3n, fantas\u00eda, comics,&hellip;\n<\/div>\n<div class=\"link-more\"><a href=\"http:\/\/www.orgullofriki.com\/25mayo\/historia\/\" class=\"more-link\">Continue reading<span class=\"screen-reader-text\"> &ldquo;Historia&rdquo;<\/span>&hellip;<\/a><\/div>\n","protected":false},"author":1,"featured_media":0,"parent":0,"menu_order":0,"comment_status":"closed","ping_status":"closed","template":"","meta":{"ngg_post_thumbnail":0,"footnotes":""},"class_list":["post-256","page","type-page","status-publish","hentry","entry"],"_links":{"self":[{"href":"http:\/\/www.orgullofriki.com\/25mayo\/wp-json\/wp\/v2\/pages\/256","targetHints":{"allow":["GET"]}}],"collection":[{"href":"http:\/\/www.orgullofriki.com\/25mayo\/wp-json\/wp\/v2\/pages"}],"about":[{"href":"http:\/\/www.orgullofriki.com\/25mayo\/wp-json\/wp\/v2\/types\/page"}],"author":[{"embeddable":true,"href":"http:\/\/www.orgullofriki.com\/25mayo\/wp-json\/wp\/v2\/users\/1"}],"replies":[{"embeddable":true,"href":"http:\/\/www.orgullofriki.com\/25mayo\/wp-json\/wp\/v2\/comments?post=256"}],"version-history":[{"count":2,"href":"http:\/\/www.orgullofriki.com\/25mayo\/wp-json\/wp\/v2\/pages\/256\/revisions"}],"predecessor-version":[{"id":266,"href":"http:\/\/www.orgullofriki.com\/25mayo\/wp-json\/wp\/v2\/pages\/256\/revisions\/266"}],"wp:attachment":[{"href":"http:\/\/www.orgullofriki.com\/25mayo\/wp-json\/wp\/v2\/media?parent=256"}],"curies":[{"name":"wp","href":"https:\/\/api.w.org\/{rel}","templated":true}]}}